{"id":2563,"date":"2025-05-12T14:18:34","date_gmt":"2025-05-12T14:18:34","guid":{"rendered":"https:\/\/musee-aaa.com\/?page_id=2563"},"modified":"2026-08-27T17:52:03","modified_gmt":"2026-08-27T17:52:03","slug":"evenements-2025","status":"publish","type":"page","link":"https:\/\/musee-aaa.com\/?page_id=2563","title":{"rendered":"Ev\u00e9nements 2026"},"content":{"rendered":"\n<hr class=\"wp-block-separator has-text-color has-background is-style-wide\" style=\"background-color:#ab822c;color:#ab822c\"\/>\n\n\n\n<figure class=\"wp-block-image size-large\"><img loading=\"lazy\" width=\"660\" height=\"933\" src=\"https:\/\/musee-aaa.com\/wp-content\/uploads\/Journees-du-Patrimoine-2026-660x933.jpg\" alt=\"\" class=\"wp-image-2722\" srcset=\"https:\/\/musee-aaa.com\/wp-content\/uploads\/Journees-du-Patrimoine-2026-660x933.jpg 660w, https:\/\/musee-aaa.com\/wp-content\/uploads\/Journees-du-Patrimoine-2026-490x693.jpg 490w, https:\/\/musee-aaa.com\/wp-content\/uploads\/Journees-du-Patrimoine-2026-212x300.jpg 212w, https:\/\/musee-aaa.com\/wp-content\/uploads\/Journees-du-Patrimoine-2026.jpg 750w\" sizes=\"(max-width: 660px) 100vw, 660px\" \/><\/figure>\n\n\n\n<p><strong>Journ\u00e9es du Patrimoine 2026<\/strong><strong><br>Samedi 19 et dimanche 20 septembre de 14h \u00e0 18h<br><\/strong>Entr\u00e9e libre aux expositions 2026\u00a0<em><strong>Afrique \u2013 Arts contemporains<\/strong><\/em> Et <em><strong>Routes, Tibet, Gandhara, Amazonie.<\/strong><\/em><\/p>\n\n\n\n<hr class=\"wp-block-separator has-text-color has-background is-style-wide\" style=\"background-color:#ab822c;color:#ab822c\"\/>\n\n\n\n<figure class=\"wp-block-image size-large\"><img loading=\"lazy\" width=\"660\" height=\"440\" src=\"https:\/\/musee-aaa.com\/wp-content\/uploads\/CONTENSON-660x440.jpg\" alt=\"\" class=\"wp-image-2723\" srcset=\"https:\/\/musee-aaa.com\/wp-content\/uploads\/CONTENSON-660x440.jpg 660w, https:\/\/musee-aaa.com\/wp-content\/uploads\/CONTENSON-490x327.jpg 490w, https:\/\/musee-aaa.com\/wp-content\/uploads\/CONTENSON-450x300.jpg 450w, https:\/\/musee-aaa.com\/wp-content\/uploads\/CONTENSON.jpg 750w\" sizes=\"(max-width: 660px) 100vw, 660px\" \/><figcaption><strong>\u00a9Abdul Karim<\/strong>, photo de l\u2019ouvrage <em>Construire des Ponts, un chr\u00e9tien en terre d&rsquo;Islam.<\/em><\/figcaption><\/figure>\n\n\n\n<p><span style=\"font-size: medium;\"><b>Conf\u00e9rence &#8211; Mercredi 23 septembre &#8211; 17h<\/b><\/span><span style=\"font-size: medium;\"><br \/><\/span><span style=\"font-size: medium;\"><b>Christophe de Contenson<\/b><\/span><span style=\"font-size: medium;\"><br \/><\/span><span style=\"font-size: large;\"><i><b>Construire des Ponts, un chr\u00e9tien en terre d&rsquo;Islam.<\/b><\/i><\/span> <span style=\"font-size: medium;\"><br \/>Ukraine et Pakistan, le chemin de la paix et du dialogue interculturel. Christophe de Contenson sera accompagn\u00e9 par Andr\u00e9 de Bussy, ancien diplomate.<br \/><br \/>Entr\u00e9e libre. <br \/>Propos\u00e9 par <\/span><span style=\"font-size: medium;\"><b>Cheminements litt\u00e9raires en Bourbonnais<\/b><\/span><span style=\"font-size: medium;\"> dans le cadre de \u00ab\u00a0Terr-Histoires 2026-la litt\u00e9rature au fil du temps, de l&rsquo;Histoire et du Patrimoine\u00a0\u00bb.<\/span><\/p>\n<p><span style=\"font-size: medium;\">Apr\u00e8s <\/span><span style=\"font-size: medium;\"><i>\u00ab\u00a0R\u00e9sister, art et culture en temps de guerre\u00a0\u00bb<\/i><\/span><span style=\"font-size: medium;\"> consacr\u00e9 \u00e0 l\u2019Ukraine, Christophe de Contenson \u00e9dite son nouveau livre\u00a0<\/span><span style=\"font-size: medium;\"><i>Construire des ponts, un chr\u00e9tien en terre d\u2019islam<\/i><\/span><span style=\"font-size: medium;\"> qui pr\u00e9sente le portrait de vingt-trois personnalit\u00e9s pakistanaises engag\u00e9es pour la paix, l\u2019\u00e9ducation ou la culture, constituant un dialogue interculturel et interreligieux qui \u00e9voque jusqu\u2019\u00e0 la place de la femme en Islam. Au travers de ce nouveau projet et de la lecture juste des textes sacr\u00e9s, Christophe de Contenson veut lever les peurs et les pr\u00e9jug\u00e9s dans un monde o\u00f9 la politique et la religion sont porteurs de divisions. <br \/>Christophe de Contenson est Conseiller d\u00e9partemental en charge de la m\u00e9moire et de la coop\u00e9ration. Il a accompli des missions humanitaires dans des camps de r\u00e9fugi\u00e9s en Tha\u00eflande, au Cambodge au moment du g\u00e9nocide, en Afrique et, plus r\u00e9cemment, en Ukraine.<\/span><\/p>\n\n\n\n<hr class=\"wp-block-separator has-text-color has-background is-style-wide\" style=\"background-color:#ab822c;color:#ab822c\"\/>\n\n\n\n<figure class=\"wp-block-image size-large\"><img loading=\"lazy\" width=\"660\" height=\"1252\" src=\"https:\/\/musee-aaa.com\/wp-content\/uploads\/Eva-Dreano-YOGA-660x1252.jpg\" alt=\"\" class=\"wp-image-2725\" srcset=\"https:\/\/musee-aaa.com\/wp-content\/uploads\/Eva-Dreano-YOGA-660x1252.jpg 660w, https:\/\/musee-aaa.com\/wp-content\/uploads\/Eva-Dreano-YOGA-490x930.jpg 490w, https:\/\/musee-aaa.com\/wp-content\/uploads\/Eva-Dreano-YOGA-158x300.jpg 158w, https:\/\/musee-aaa.com\/wp-content\/uploads\/Eva-Dreano-YOGA.jpg 750w\" sizes=\"(max-width: 660px) 100vw, 660px\" \/><\/figure>\n\n\n\n<p><span style=\"font-size: medium;\"><b>Dimanche 27 septembre &#8211; 15h <br \/>Conf\u00e9rence et s\u00e9ance de Yoga doux (Yin) en musique <\/b><\/span><br \/><span style=\"font-size: medium;\"><b>\u00c9va Dr\u00e9ano<\/b><\/span><span style=\"font-size: large;\"><i><b> <br \/>Yoga et Art, la s\u00e9r\u00e9nit\u00e9 en partage !<\/b><\/i><\/span><span style=\"font-size: medium;\"><b><br \/><\/b><\/span><br \/><span style=\"font-size: medium;\">Yoga fait de postures au sol, tenues entre 2 et 10 min. A l&rsquo;origine de cette discipline, la m\u00e9decine traditionnelle chinoise et l&rsquo;acupression. Il est question de m\u00e9ridien et de nettoyage de canaux \u00e9nerg\u00e9tiques. R\u00e9sultat : un apaisement intense du corps et du mental.<br \/>Propos\u00e9 dans le cadre de la manifestation <\/span><span style=\"font-size: medium;\"><b>Vichy Vitalit\u00e9.<\/b><\/span><span style=\"font-size: medium;\"><br \/><br \/>Entr\u00e9e libre \u00e0 l\u2019atelier sur r\u00e9servation.<br \/><\/span><span style=\"font-size: medium;\"><strong>R\u00e9servation :\u00a0<\/strong><\/span><span style=\"color: #ee0000;\"><span style=\"font-size: medium;\"><a href=\"https:\/\/bookwhen.com\/fr\/rhizomeyoga\" target=\"_blank\" rel=\"noopener\">https:\/\/bookwhen.com\/fr\/rhizomeyoga<\/a><\/span><\/span><span style=\"font-size: medium;\"> ou <strong>06 99 22 86 04<\/strong>\u00a0ou <\/span><span style=\"font-size: medium;\"><strong>contact@rhizome-yoga.org<\/strong>.<br \/><\/span><span style=\"font-size: medium;\"><i> Si vous souhaitez visiter les expositions temporaires du mus\u00e9e apr\u00e8s ou avant l\u2019atelier, nous vous offrons un tarif r\u00e9duit \u00e0 3\u20ac.<br \/><\/i><\/span><span style=\"font-size: medium;\"><br \/>\u00c9va Dr\u00e9ano. Yoga, massage tha\u00ef et Ayurv\u00e9da (m\u00e9decine pr\u00e9ventive indienne).<br \/>Cart\u00e9sienne inv\u00e9t\u00e9r\u00e9e d\u2019une nature cr\u00e9dule, personne volontaire \u00e0 l\u2019\u00e9coute des autres. Anthropologue de formation, Eva Dr\u00e9ano est une exploratrice devant l\u2019\u00e9ternel. Elle aime creuser la nature profonde des choses.<br \/>Sa premi\u00e8re rencontre avec le yoga a lieu en 2012 \u00e0 Pointe-Noire, au Congo-Brazzaville. Quelques temps plus tard, elle y revient et d\u00e9couvre avec \u00e9merveillement qu\u2019avec sa pratique \u00e9mergent en elle des ressources insoup\u00e7onn\u00e9es, autant physiques, mentales que spirituelles. Depuis, elle continue de s\u2019aventurer dans le tr\u00e8s vaste univers du yoga. Elle vogue ainsi au gr\u00e9 de ses envies, entre diff\u00e9rentes eaux, douces, dynamiques, yin ou yang, apaisantes ou philosophiques.<br \/>Elle est form\u00e9e \u00e0 l\u2019enseignement aupr\u00e8s de G\u00e9rard Arnaud \u00e0 Paris (Hatha, Vinyasa, formation initiale en 2017 et avanc\u00e9e en 2019). Avec Vijay Amar, elle apprend en 2019 l\u2019Ashtanga vinyasa yoga \u00e0 Dharamsala en Inde. Aujourd\u2019hui, elle continue r\u00e9guli\u00e8rement de participer \u00e0 des stages (Yoga sur chaise avec Nathalie Perret en 2017, Mindfulness MBCT en 2019, Ayurveda avec Alex Duncan en 2019-2020, Yoga pr\u00e9 et post-natal et Yoga sans d\u00e9g\u00e2ts avec B. de Gasquet en 2020, Yin yoga et nidra avec Philippe Beer Gabel en 2021, Yoga Danse en 2021\u2026) en France et en Inde afin de poursuivre son chemin sur la voie du yoga.<\/span><\/p>\n\n\n\n<hr class=\"wp-block-separator has-text-color has-background is-style-wide\" style=\"background-color:#ab822c;color:#ab822c\"\/>\n\n\n\n<figure class=\"wp-block-image size-large\"><img loading=\"lazy\" width=\"660\" height=\"840\" src=\"https:\/\/musee-aaa.com\/wp-content\/uploads\/GIDE-660x840.jpg\" alt=\"\" class=\"wp-image-2726\" srcset=\"https:\/\/musee-aaa.com\/wp-content\/uploads\/GIDE-660x840.jpg 660w, https:\/\/musee-aaa.com\/wp-content\/uploads\/GIDE-490x624.jpg 490w, https:\/\/musee-aaa.com\/wp-content\/uploads\/GIDE-236x300.jpg 236w, https:\/\/musee-aaa.com\/wp-content\/uploads\/GIDE.jpg 750w\" sizes=\"(max-width: 660px) 100vw, 660px\" \/><figcaption>Andr\u00e9 Gide en ao\u00fbt 1920, photographi\u00e9 par\u00a0Ottoline Morrell.<\/figcaption><\/figure>\n\n\n\n<p><span style=\"font-size: medium;\"><b>Conf\u00e9rence &#8211; Mercredi 30 septembre &#8211; 18h<\/b><\/span> <span style=\"font-size: medium;\"><b><br \/>Fr\u00e9d\u00e9ric Fossaert<\/b><\/span><span style=\"font-size: medium;\"><i><b> <br \/><\/b><\/i><\/span><span style=\"font-size: large;\"><i><b>La colonisation vue avec les yeux d&rsquo;\u00e9crivains de l\u2019entre-deux-guerres (Morand, Gide, Londres).<\/b><\/i><\/span><span style=\"font-size: medium;\"><br \/><br \/>Entr\u00e9e libre.<br \/>Propos\u00e9 par <\/span><span style=\"font-size: medium;\"><b>Cheminements litt\u00e9raires en Bourbonnais<\/b><\/span><span style=\"font-size: medium;\"> dans le cadre de \u00ab\u00a0Terr-Histoires 2026-la litt\u00e9rature au fil du temps, de l&rsquo;Histoire et du Patrimoine\u00a0\u00bb.<\/span><\/p>\n\n\n\n<hr class=\"wp-block-separator has-text-color has-background is-style-wide\" style=\"background-color:#ab822c;color:#ab822c\"\/>\n\n\n\n<figure class=\"wp-block-image size-large\"><img loading=\"lazy\" width=\"660\" height=\"492\" src=\"https:\/\/musee-aaa.com\/wp-content\/uploads\/GERVAIS-660x492.jpg\" alt=\"\" class=\"wp-image-2728\" srcset=\"https:\/\/musee-aaa.com\/wp-content\/uploads\/GERVAIS-660x492.jpg 660w, https:\/\/musee-aaa.com\/wp-content\/uploads\/GERVAIS-490x365.jpg 490w, https:\/\/musee-aaa.com\/wp-content\/uploads\/GERVAIS-403x300.jpg 403w, https:\/\/musee-aaa.com\/wp-content\/uploads\/GERVAIS.jpg 750w\" sizes=\"(max-width: 660px) 100vw, 660px\" \/><figcaption>Chengdu 1919, Chine. \u00a9Archives Albert Gervais. <\/figcaption><\/figure>\n\n\n\n<p><span style=\"font-size: medium;\"><b style=\"font-size: medium;\">Conf\u00e9rence &#8211; Mercredi 7 octobre &#8211; 17h<br \/>Aurore Staiger<br \/><\/b><\/span><span style=\"font-size: large;\"><i><b>Jen-i-kouan (Albert Gervais,1891-1979), m\u00e9decin fran\u00e7ais au Sichuan de 1911 \u00e0 1925.<\/b><\/i><\/span><span style=\"font-size: medium;\"><i><b><br \/><\/b><\/i><\/span><span style=\"font-size: medium;\"><br \/>Entr\u00e9e libre.<br \/>Propos\u00e9 par <\/span><span style=\"font-size: medium;\"><b>Cheminements litt\u00e9raires en Bourbonnais<\/b><\/span><span style=\"font-size: medium;\"> dans le cadre de \u00ab\u00a0Terr-Histoires 2026-la litt\u00e9rature au fil du temps, de l&rsquo;Histoire et du Patrimoine\u00a0\u00bb.<br \/><br \/>Aurore Staiger, journaliste et arri\u00e8re-petite-fille d&rsquo;Albert Gervais, conserve ses archives et ses photos prises en chine et collecte des informations sur la vie et l&rsquo;\u0153uvre de celui-ci. <br \/>M\u00e9decin dans la marine fran\u00e7aise, Albert Gervais a v\u00e9cu et exerc\u00e9 plusieurs ann\u00e9es dans l&rsquo;une des r\u00e9gions les plus recul\u00e9es de Chine. Gervais \u00e9tait bas\u00e9 \u00e0 Chengdu o\u00f9 il travaillait dans un h\u00f4pital g\u00e9r\u00e9 par des missionnaires fran\u00e7ais et enseignait la m\u00e9decine occidentale \u00e0 des \u00e9tudiants chinois. <br \/>Suite \u00e0 cette exp\u00e9rience in\u00e9dite, il a publi\u00e9 de nombreux articles et quatre ouvrages : <\/span><span style=\"font-size: medium;\"><i>Une fille de H&rsquo;an<\/i><\/span><span style=\"font-size: medium;\"> (Grasset, prix Montyon d\u00e9cern\u00e9 par l&rsquo;Acad\u00e9mie fran\u00e7aise), <\/span><span style=\"font-size: medium;\"><i>\u00c6sculape en Chine<\/i><\/span><span style=\"font-size: medium;\">, <\/span><span style=\"font-size: medium;\"><i>l&rsquo;Ombre du Ma-Koui<\/i><\/span><span style=\"font-size: medium;\"> et <\/span><span style=\"font-size: medium;\"><i>\u00c6sculape dans la Chine en r\u00e9volte<\/i><\/span><span style=\"font-size: medium;\"> (Gallimard). Ces livres ont \u00e9t\u00e9 traduits dans de nombreuses langues et ont rencontr\u00e9 un fort succ\u00e8s. Il a aussi publi\u00e9 dans la revue VOILA \u00e9dit\u00e9e par Gallimard dans les ann\u00e9es 1930,\u00a0un grand reportage, <\/span><span style=\"font-size: medium;\"><i>Les tribulations d\u2019un fran\u00e7ais en Chine. <\/i><\/span><span style=\"font-size: medium;\">Ses photographies, prises entre 1919 et 1925, documentent principalement la province du Sichuan, dans l&rsquo;ouest de la Chine.<\/span><\/p>\n\n\n\n<hr class=\"wp-block-separator has-text-color has-background is-style-wide\" style=\"background-color:#ab822c;color:#ab822c\"\/>\n\n\n\n<figure class=\"wp-block-image size-large\"><img loading=\"lazy\" width=\"660\" height=\"1100\" src=\"https:\/\/musee-aaa.com\/wp-content\/uploads\/couverture-livre-comprendre-vietnamiens_1-660x1100.jpg\" alt=\"\" class=\"wp-image-2727\" srcset=\"https:\/\/musee-aaa.com\/wp-content\/uploads\/couverture-livre-comprendre-vietnamiens_1-660x1100.jpg 660w, https:\/\/musee-aaa.com\/wp-content\/uploads\/couverture-livre-comprendre-vietnamiens_1-490x817.jpg 490w, https:\/\/musee-aaa.com\/wp-content\/uploads\/couverture-livre-comprendre-vietnamiens_1-180x300.jpg 180w, https:\/\/musee-aaa.com\/wp-content\/uploads\/couverture-livre-comprendre-vietnamiens_1.jpg 750w\" sizes=\"(max-width: 660px) 100vw, 660px\" \/><figcaption>\u00a9\u00e9ditions Riveneuve.<\/figcaption><\/figure>\n\n\n\n<p><span style=\"font-size: medium;\"><b>Conf\u00e9rence \u2013 Samedi 10 octobre \u2013 15h<br \/>Nicolas Leymonerie <\/b><\/span><span style=\"font-size: medium;\"><i><b><br \/><\/b><\/i><\/span><span style=\"font-size: large;\"><i><b>A la rencontre de la soci\u00e9t\u00e9 Vietnamienne.<\/b><\/i><\/span><\/p>\n<p><span style=\"font-size: medium;\">Entr\u00e9e libre.<\/span><span style=\"font-size: medium;\"><b><br \/><\/b><\/span><span style=\"font-size: medium;\">Propos\u00e9 par <\/span><span style=\"font-size: medium;\"><b>Cheminements litt\u00e9raires en Bourbonnais<\/b><\/span><span style=\"font-size: medium;\"> dans le cadre de \u00ab\u00a0Terr-Histoires 2026-la litt\u00e9rature au fil du temps, de l&rsquo;Histoire et du Patrimoine\u00a0\u00bb. <br \/><br \/>Nicolas Leymonerie, b\u00e2tisseur de francophonie au Vietnam, est l\u2019auteur de<\/span><span style=\"font-size: medium;\"><i> \u00ab Comprendre les Vietnamiens &#8211; Guide de voyage interculturel\u00a0\u00bb.<\/i><\/span><\/p>\n\n\n\n<hr class=\"wp-block-separator has-text-color has-background is-style-wide\" style=\"background-color:#ab822c;color:#ab822c\"\/>\n\n\n\n<figure class=\"wp-block-image size-large\"><img loading=\"lazy\" width=\"660\" height=\"371\" src=\"https:\/\/musee-aaa.com\/wp-content\/uploads\/Carnaval-660x371.jpg\" alt=\"\" class=\"wp-image-2729\" srcset=\"https:\/\/musee-aaa.com\/wp-content\/uploads\/Carnaval-660x371.jpg 660w, https:\/\/musee-aaa.com\/wp-content\/uploads\/Carnaval-490x276.jpg 490w, https:\/\/musee-aaa.com\/wp-content\/uploads\/Carnaval-500x281.jpg 500w, https:\/\/musee-aaa.com\/wp-content\/uploads\/Carnaval.jpg 750w\" sizes=\"(max-width: 660px) 100vw, 660px\" \/><figcaption>\u00a9 guyane 1<sup>\u00e8re<\/sup><\/figcaption><\/figure>\n\n\n\n<p><span style=\"font-size: medium;\"><b>Conf\u00e9rence \u2013 Vendredi 16 octobre &#8211; 17h<\/b><\/span><span style=\"font-size: medium;\"> <br \/><\/span><span style=\"font-size: medium;\"><b>Monique Bl\u00e9rald<\/b><\/span><span style=\"font-size: medium;\"><i><b> <br \/><\/b><\/i><\/span><span style=\"font-size: large;\"><i><b>Une travers\u00e9e litt\u00e9raire du carnaval de Guyane et du personnage typique et mythique du Touloulou, au c\u0153ur de l\u2019\u00e2me guyanaise<\/b><\/i><\/span><span style=\"font-size: large;\">. <\/span><\/p>\n<p><span style=\"font-size: medium;\">Entr\u00e9e libre.<\/span><span style=\"font-size: medium;\"><b><br \/><\/b><\/span><span style=\"font-size: medium;\">Propos\u00e9 par <\/span><span style=\"font-size: medium;\"><b>Cheminements litt\u00e9raires en Bourbonnais<\/b><\/span><span style=\"font-size: medium;\"> dans le cadre de \u00ab\u00a0Terr-Histoires 2026-la litt\u00e9rature au fil du temps, de l&rsquo;Histoire et du Patrimoine\u00a0\u00bb. En partenariat avec <\/span><span style=\"font-size: medium;\"><b>Cultures du Monde,<\/b><\/span><span style=\"font-size: medium;\"> dans le cadre de la journ\u00e9e internationale du patrimoine vivant de l&rsquo;UNESCO.<br \/><br \/>De la Louisiane au B\u00e9nin en passant par sa terre natale, Monique Bl\u00e9rald n\u2019a de cesse d\u2019\u0153uvrer pour le patrimoine guyanais, comme enseignante ou actrice culturelle. <br \/>Monique Bl\u00e9rald est professeure des universit\u00e9s en Cultures et langues r\u00e9gionales, sp\u00e9cialit\u00e9 litt\u00e9ratures orales et \u00e9crites francophones et cr\u00e9olophones des Antilles et de la Guyane, \u00e0 l\u2019universit\u00e9 de Guyane. Vice-Pr\u00e9sidente puis Pr\u00e9sidente, en Louisiane aux USA, du Conseil international d\u2019Etudes Francophones regroupant plus de 760 universitaires et \u00e9crivains des diff\u00e9rentes r\u00e9gions francophones du monde (2007 \u00e0 2011). Fondatrice en 2014 et Pr\u00e9sidente de l\u2019Observatoire r\u00e9gional du carnaval guyanais qui a fait inscrire le carnaval et le Touloulou de Guyane au patrimoine culturel immat\u00e9riel fran\u00e7ais de l\u2019UNESCO le 26 octobre 2017. <\/span><\/p>\n\n\n\n<hr class=\"wp-block-separator has-text-color has-background is-style-wide\" style=\"background-color:#ab822c;color:#ab822c\"\/>\n\n\n\n<figure class=\"wp-block-image size-large\"><img loading=\"lazy\" width=\"660\" height=\"656\" src=\"https:\/\/musee-aaa.com\/wp-content\/uploads\/Mandala-660x656.jpg\" alt=\"\" class=\"wp-image-2712\" srcset=\"https:\/\/musee-aaa.com\/wp-content\/uploads\/Mandala-660x656.jpg 660w, https:\/\/musee-aaa.com\/wp-content\/uploads\/Mandala-490x487.jpg 490w, https:\/\/musee-aaa.com\/wp-content\/uploads\/Mandala-150x150.jpg 150w, https:\/\/musee-aaa.com\/wp-content\/uploads\/Mandala-144x144.jpg 144w, https:\/\/musee-aaa.com\/wp-content\/uploads\/Mandala-302x300.jpg 302w, https:\/\/musee-aaa.com\/wp-content\/uploads\/Mandala.jpg 750w\" sizes=\"(max-width: 660px) 100vw, 660px\" \/><\/figure>\n\n\n\n<p><span style=\"font-size: medium;\"><b>Conf\u00e9rence &#8211; Mercredi 21 octobre \u2013 17h<\/b><\/span><span style=\"font-size: medium;\"><br \/><\/span><span style=\"font-size: medium;\"><b>Patrick Devinoy<\/b><\/span><span style=\"font-size: medium;\"><br \/><\/span><span style=\"font-size: large;\"><i><b>Le mandala de sable color\u00e9, quelques cl\u00e9s de lecture.<\/b><\/i><\/span><span style=\"font-size: medium;\"><br \/><br \/>Entr\u00e9e libre. Conf\u00e9rence organis\u00e9e dans le cadre de l\u2019exposition <\/span><span style=\"font-size: medium;\"><i>Routes.<\/i><\/span><\/p>\n\n\n\n<hr class=\"wp-block-separator has-text-color has-background is-style-wide\" style=\"background-color:#ab822c;color:#ab822c\"\/>\n\n\n","protected":false},"excerpt":{"rendered":"<p>Journ\u00e9es du Patrimoine 2026Samedi 19 et dimanche 20 septembre de 14h \u00e0 18hEntr\u00e9e libre aux expositions 2026\u00a0Afrique \u2013 Arts contemporains Et Routes, Tibet, Gandhara, Amazonie. Conf\u00e9rence &#8211; Mercredi 23 septembre &#8211; 17hChristophe de ContensonConstruire des Ponts, un chr\u00e9tien en terre &hellip; <a href=\"https:\/\/musee-aaa.com\/?page_id=2563\">Continuer la lecture <span class=\"meta-nav\">&rarr;<\/span><\/a><\/p>\n","protected":false},"author":1,"featured_media":0,"parent":0,"menu_order":0,"comment_status":"closed","ping_status":"closed","template":"","meta":[],"_links":{"self":[{"href":"https:\/\/musee-aaa.com\/index.php?rest_route=\/wp\/v2\/pages\/2563"}],"collection":[{"href":"https:\/\/musee-aaa.com\/index.php?rest_route=\/wp\/v2\/pages"}],"about":[{"href":"https:\/\/musee-aaa.com\/index.php?rest_route=\/wp\/v2\/types\/page"}],"author":[{"embeddable":true,"href":"https:\/\/musee-aaa.com\/index.php?rest_route=\/wp\/v2\/users\/1"}],"replies":[{"embeddable":true,"href":"https:\/\/musee-aaa.com\/index.php?rest_route=%2Fwp%2Fv2%2Fcomments&post=2563"}],"version-history":[{"count":48,"href":"https:\/\/musee-aaa.com\/index.php?rest_route=\/wp\/v2\/pages\/2563\/revisions"}],"predecessor-version":[{"id":2732,"href":"https:\/\/musee-aaa.com\/index.php?rest_route=\/wp\/v2\/pages\/2563\/revisions\/2732"}],"wp:attachment":[{"href":"https:\/\/musee-aaa.com\/index.php?rest_route=%2Fwp%2Fv2%2Fmedia&parent=2563"}],"curies":[{"name":"wp","href":"https:\/\/api.w.org\/{rel}","templated":true}]}}